{"id":5339,"date":"2021-11-25T08:19:30","date_gmt":"2021-11-25T08:19:30","guid":{"rendered":"https:\/\/ciu-edu.org\/?page_id=5339"},"modified":"2026-04-24T08:11:45","modified_gmt":"2026-04-24T07:11:45","slug":"delegaciones","status":"publish","type":"page","link":"https:\/\/ciu-edu.org\/?page_id=5339","title":{"rendered":"Delegaciones"},"content":{"rendered":"<div class=\"wp-block-image\">\n<figure class=\"aligncenter size-full\"><img loading=\"lazy\" decoding=\"async\" width=\"1173\" height=\"455\" src=\"https:\/\/ciu-edu.org\/wp-content\/uploads\/2021\/11\/Delegaciones.png\" alt=\"\" class=\"wp-image-5340\" style=\"object-fit:cover\" srcset=\"https:\/\/ciu-edu.org\/wp-content\/uploads\/2021\/11\/Delegaciones.png 1173w, https:\/\/ciu-edu.org\/wp-content\/uploads\/2021\/11\/Delegaciones-300x116.png 300w, https:\/\/ciu-edu.org\/wp-content\/uploads\/2021\/11\/Delegaciones-1024x397.png 1024w, https:\/\/ciu-edu.org\/wp-content\/uploads\/2021\/11\/Delegaciones-768x298.png 768w\" sizes=\"auto, (max-width: 1173px) 100vw, 1173px\" \/><\/figure>\n<\/div>\n\n\n<hr class=\"wp-block-separator has-alpha-channel-opacity is-style-dots\"\/>\n\n\n\n<p>Se exponen a continuaci\u00f3n las delegaciones internacionales activas de C.I.U. Cambridge International University.<\/p>\n\n\n\n<h3 class=\"wp-block-heading\"><strong>C.I.U. &#8211; Ecuador &#8211; Fundaci\u00f3n para el Desarrollo Integral \u201cV\u00e1zquez&nbsp;&amp; Crespo\u201d<\/strong><\/h3>\n\n\n\n<div class=\"wp-block-group\"><div class=\"wp-block-group__inner-container is-layout-constrained wp-block-group-is-layout-constrained\">\n<p><strong>Directora<\/strong>: Lcda. Bernardita Crespo de V\u00e1zquez<br><strong>Tipo de Representaci\u00f3n:<\/strong>&nbsp;Convenio por Delegaci\u00f3n y Representaci\u00f3n.<br><strong>Zona de Acci\u00f3n:<\/strong> &nbsp;Rep\u00fablica del Ecuador.<br><strong>\u00c1rea Profesional:<\/strong> Mixta.<br><strong>Direcci\u00f3n Postal:<\/strong> Remigio Tamariz 2-100 y Agust\u00edn Cueva &nbsp;&#8211; Segundo Piso, C\u00f3digo Postal: 010107, <strong>Ciudad: <\/strong>Cuenca, <strong>Provincia: <\/strong>Azuay. <strong>Pa\u00eds:<\/strong> Ecuador.<br><strong>E-Mail Oficial:<\/strong> ecuador@ciu-edu.eu<br><strong>E-Mail Fundaci\u00f3n:<\/strong>&nbsp;info@fudesup.edu.ec <br><strong>E-Mail Ingresos:<\/strong>&nbsp;matriculas@fudesup.edu.ec<br><strong>Telf.:<\/strong> (593) 995 462 814<br><strong>URL:<\/strong> <a href=\"https:\/\/fudesup.edu.ec\" target=\"_blank\" rel=\"noreferrer noopener\">https:\/\/fudesup.edu.ec<\/a><\/p>\n\n\n\n<hr class=\"wp-block-separator has-alpha-channel-opacity\"\/>\n\n\n\n<h3 class=\"wp-block-heading\"><strong>C.I.U. &#8211; Mal\u00ed &#8211; International Business Center Danaya (IBCD) \/SARL<\/strong><\/h3>\n\n\n\n<p><strong>Director<\/strong>: Dr. Yaya TRAORE<br><strong>Tipo de Representaci\u00f3n:<\/strong>&nbsp;Convenio por Delegaci\u00f3n y Representaci\u00f3n.<br><strong>Zona de Acci\u00f3n:<\/strong> &nbsp;Mal\u00ed.<br><strong>\u00c1rea Profesional:<\/strong> Mixta.<br><strong>Direcci\u00f3n Postal:<\/strong> IBCD\/SARL ; Sam\u00e8 W\u00e8r\u00e8da (\u00e0 10 m de la mosqu\u00e9e)\/Commune III du district de Bamako<br><strong>E-Mail:<\/strong> yayaoumar28@gmail.com<br><strong>Telf.:<\/strong> (00223) 94057570 &#8211; <strong>M\u00f3vil o Celular:<\/strong> (00223) 89604444<br><strong>URL:<\/strong> https:\/\/enproceso.com<\/p>\n\n\n\n<hr class=\"wp-block-separator has-css-opacity\"\/>\n<\/div><\/div>\n\n\n\n<div class=\"wp-block-group\"><div class=\"wp-block-group__inner-container is-layout-constrained wp-block-group-is-layout-constrained\">\n<h3 class=\"wp-block-heading\">C.I.U. &#8211; Alicante (UE)<\/h3>\n\n\n\n<p><strong>Delegado:<\/strong> Dr. Jos\u00e9 Andr\u00e9s Blay Aloy.<br><strong>Entidad Educativa:<\/strong> Instituto de Medicina Multidisciplinar Hol\u00edstico.<br><strong>Tipo de Representaci\u00f3n:<\/strong> Convenio &#8211; Cooperaci\u00f3n Acad\u00e9mica.<\/p>\n\n\n\n<p><strong>Zona de Acci\u00f3n:<\/strong> UE<br><strong>\u00c1rea Profesional:<\/strong> M\u00e9todo BLAY, Medicina Osteop\u00e1tica, Medicina Org\u00e1nica. Estudio\/Acreditaci\u00f3n.<\/p>\n\n\n\n<p><strong>Direcci\u00f3n Postal: <\/strong>Ctra. Ondara, 41-1 A &#8211; Gata de Gorgos, Alicante, Espa\u00f1a (UE).<br><strong>E-Mail Corporativo: <\/strong>dr.blay.aloy@ciu-edu.org<br><strong>E-Mail Empresarial: <\/strong>ayuda@metodoblay.com<\/p>\n\n\n\n<p><strong>Tel\u00e9fono de Contacto:<\/strong> (+34) 615 562 982<\/p>\n\n\n\n<p><strong>WhatsApp: <\/strong><a href=\"https:\/\/ciu-edu.org\/?page_id=7533\" data-type=\"page\" data-id=\"7533\" target=\"_blank\" rel=\"noreferrer noopener\">+34615562982<\/a><br><strong>URL: <\/strong><a rel=\"noreferrer noopener\" href=\"https:\/\/metodoblay.com\" target=\"_blank\">https:\/\/metodoblay.com<\/a><\/p>\n<\/div><\/div>\n\n\n\n<hr class=\"wp-block-separator has-css-opacity\"\/>\n\n\n\n<div class=\"wp-block-group\"><div class=\"wp-block-group__inner-container is-layout-constrained wp-block-group-is-layout-constrained\">\n<h3 class=\"wp-block-heading\">C.I.U. &#8211; Paraguay<\/h3>\n\n\n\n<p><strong>Delegado:<\/strong> Dr. Ignasi Campos Serra<br><strong>Entidad Educativa:<\/strong> Musictherapy 432 \u00abSunlight\u00bb<br><strong>Tipo de Representaci\u00f3n:<\/strong> Convenio &#8211; Cooperaci\u00f3n Acad\u00e9mica.<\/p>\n\n\n\n<p><strong>Zona de Acci\u00f3n:<\/strong> Paraguay<br><strong>\u00c1rea Profesional:<\/strong> Arts \/Sciences &#8211; Estudio\/Acreditaci\u00f3n.<\/p>\n\n\n\n<p><strong>Direcci\u00f3n Postal: <\/strong>C\/ M\u00fasicos del Chaco 6950, Casa 11, Asunci\u00f3n, Paraguay<br><strong>E-Mail Corporativo: <\/strong>dr.ignasi.campos@ciu-edu.org<br><strong>E-Mail Personal: <\/strong>ignasi27@yahoo.es<\/p>\n\n\n\n<p><strong>Tel\u00e9fono de Contacto:<\/strong> (+595) 0982676476<\/p>\n\n\n\n<p><strong>WhatsApp: <\/strong><a href=\"https:\/\/web.whatsapp.com\/send?phone=+5950982676476&amp;text=Hola,%20deseo%20comunicarme%20con%20el%20Dr%20de%20Ignasi%20Campos\" target=\"_blank\" rel=\"noreferrer noopener\">+5950982676476<\/a><br><strong>URL: <\/strong><a href=\"https:\/\/independent.academia.edu\/CamposIgnasi\">https:\/\/independent.academia.edu\/CamposIgnasi<\/a><\/p>\n<\/div><\/div>\n\n\n\n<hr class=\"wp-block-separator has-css-opacity\"\/>\n\n\n\n<div class=\"wp-block-group\"><div class=\"wp-block-group__inner-container is-layout-constrained wp-block-group-is-layout-constrained\">\n<h3 class=\"wp-block-heading\">C.I.U. &#8211; Tanzania<\/h3>\n\n\n\n<p><strong>Delegado:<\/strong> <a href=\"https:\/\/tz.linkedin.com\/in\/dr-avitus-leonard-47833b146\" target=\"_blank\" rel=\"noreferrer noopener\">Dr. Avitus Leonard, B.Sc, M.Sc, Ph.D.<\/a><br><strong>Entidad Educativa:<\/strong> Instituto Universitario D.E.I.<br><strong>Tipo de Representaci\u00f3n:<\/strong> Convenio &#8211; Cooperaci\u00f3n Acad\u00e9mica Internacional.<\/p>\n\n\n\n<p><strong>Zona de Acci\u00f3n:<\/strong> Tanzania<br><strong>\u00c1rea Profesional:<\/strong> Programas de Estudio\/Acreditaci\u00f3n<\/p>\n\n\n\n<p><strong>Direcci\u00f3n Postal: <\/strong>Jogoo &#8211; Mbezi Beach Dar es salaam TZ, 14128.<br><strong>E-Mail Corporativo: <\/strong>dr.avitus.leonard@ciu-edu.eu<br><strong>E-Mail Personal: <\/strong>kahangileona@gmail.com<\/p>\n\n\n\n<p><strong>WhatsApp: <\/strong><a href=\"https:\/\/web.whatsapp.com\/send?phone=+255677424916&amp;text=Hola,%20deseo%20comunicarme%20con%20el%20Departamento%20de%20Informacion%20de%20CIU%20-%20Tanzania\" data-type=\"link\" data-id=\"https:\/\/web.whatsapp.com\/send?phone=+255677424916&amp;text=Hola,%20deseo%20comunicarme%20con%20el%20Departamento%20de%20Informacion%20de%20CIU%20-%20Tanzania\" target=\"_blank\" rel=\"noreferrer noopener\">+255677424916<\/a><br><strong>URL: <\/strong><a rel=\"noreferrer noopener\" href=\"https:\/\/dei-institute.teachable.com\/\" target=\"_blank\">https:\/\/dei-institute.teachable.com\/<\/a><\/p>\n\n\n\n<p><\/p>\n<\/div><\/div>\n\n\n\n<hr class=\"wp-block-separator has-css-opacity\"\/>\n\n\n\n<h3 class=\"wp-block-heading\">C.I.U. &#8211; Colombia<\/h3>\n\n\n\n<p><strong>Delegado:<\/strong> <a href=\"https:\/\/www.linkedin.com\/in\/alvaro-a-sequera-duarte-99319a1b\" target=\"_blank\" rel=\"noreferrer noopener\">Dr. \u00c1lvaro A. Sequera Duarte, B.Sc, M.Sc, Ph.D.<\/a><br><strong>Entidad Educativa:<\/strong> <br><strong>Tipo de Representaci\u00f3n:<\/strong> Convenio &#8211; Cooperaci\u00f3n Acad\u00e9mica Internacional.<\/p>\n\n\n\n<p><strong>Zona de Acci\u00f3n:<\/strong> Colombia<br><strong>\u00c1rea Profesional:<\/strong> Aeronautical and Aerospace Law. Programas de Estudio\/Acreditaci\u00f3n<\/p>\n\n\n\n<p><strong>Direcci\u00f3n Postal: <\/strong><br><strong>E-Mail: <\/strong>dr.alvaro.sequera@ciu-edu.org<br><strong>URL: <\/strong><\/p>\n\n\n\n<hr class=\"wp-block-separator has-css-opacity\"\/>\n\n\n\n<h3 class=\"wp-block-heading\">C.I.U. &#8211; M\u00e9xico<\/h3>\n\n\n\n<p><strong>Delegado:<\/strong> <a href=\"https:\/\/mx.linkedin.com\/in\/serguey-ivan-farrera-villatoro-33834bb3\" target=\"_blank\" rel=\"noreferrer noopener\">Dr. Serguey Ivan Farrera Villatoro<\/a><br><strong>Entidad Educativa:<\/strong> Neurodiagn\u00f3stico Dr. Ivan Farrera<br><strong>Tipo de Representaci\u00f3n:<\/strong> Convenio &nbsp;&#8211; Cooperaci\u00f3n Acad\u00e9mica Internacional.<\/p>\n\n\n\n<p><strong>Zona de Acci\u00f3n:<\/strong> M\u00e9xico<br><strong>\u00c1rea Profesional:<\/strong> Programas de Estudio\/Acreditaci\u00f3n<\/p>\n\n\n\n<p><strong>Direcci\u00f3n Postal: <\/strong>1a Av. sur oriente No. 566, Tuxtla Guti\u00e9rrez Chiapas, M\u00e9xico, C.P. 29000<br><strong>E-Mail: <\/strong>serguey_ivan@ciuedu.eu<br><strong>URL: <\/strong><a href=\"https:\/\/www.sergueyivanfarreravillatoro.com\" target=\"_blank\" rel=\"noreferrer noopener\">https:\/\/www.sergueyivanfarreravillatoro.com<\/a><br><strong>URL: <\/strong><a rel=\"noreferrer noopener\" href=\"https:\/\/www.drsergueyivanfarreravillatoro.com\" target=\"_blank\">https:\/\/www.drsergueyivanfarreravillatoro.com <\/a><\/p>\n\n\n\n<hr class=\"wp-block-separator has-css-opacity\"\/>\n\n\n\n<h3 class=\"wp-block-heading\">C.I.U.  &#8211; Bolivia<\/h3>\n\n\n\n<p><strong>Delegado:<\/strong> Dr. Juan Enrique Herrero Alarc\u00f3n.<br><strong>Entidad Educativa:<\/strong> <a href=\"https:\/\/www.facebook.com\/corp.aristoteles\" target=\"_blank\" rel=\"noreferrer noopener\">Corporaci\u00f3n Arist\u00f3teles.<\/a><br><strong>Tipo de Representaci\u00f3n:<\/strong> Convenio &nbsp;&#8211; Cooperaci\u00f3n Acad\u00e9mica Internacional.<\/p>\n\n\n\n<p><strong>Zona de Acci\u00f3n:<\/strong> Bolivia<br><strong>\u00c1rea Profesional:<\/strong> Programas de Estudio\/Acreditaci\u00f3n.<\/p>\n\n\n\n<p><strong>Direcci\u00f3n Postal: <\/strong>Obrajes Calle 10 #5593, Edificio Tunapa, Mezzanine Oficina 8, La Paz, Bolivia.<br><strong>E-Mail: <\/strong><a href=\"mailto:dr.juan.herrero@ciu-edu.org\">dr.juan.herrero@ciu-edu.org<\/a><br><strong>URL:<\/strong><a href=\" https:\/\/www.facebook.com\/corp.aristoteles\/\"><strong> <\/strong>https:\/\/www.facebook.com\/corp.aristoteles\/<\/a><\/p>\n\n\n\n<hr class=\"wp-block-separator has-css-opacity\"\/>\n\n\n\n<h3 class=\"wp-block-heading\">C.I.U.  &#8211; Barcelona (UE)<\/h3>\n\n\n\n<p><strong>Delegado:<\/strong> <a href=\"https:\/\/es.linkedin.com\/in\/jesusamarmol\" target=\"_blank\" rel=\"noreferrer noopener\">Sr. D. Jes\u00fas Antonio M\u00e1rmol Garc\u00eda<\/a><br><strong>Entidad Educativa:<\/strong> IDC Open Global School<br><strong>Tipo de Representaci\u00f3n:<\/strong> Convenio &nbsp;&#8211; Cooperaci\u00f3n Acad\u00e9mica Internacional.<\/p>\n\n\n\n<p><strong>Zona de Acci\u00f3n:<\/strong> Internacional<br><strong>\u00c1rea Profesional:<\/strong> (Acreditaci\u00f3n).<\/p>\n\n\n\n<p><strong>Direcci\u00f3n Postal: <\/strong>Pla\u00e7a St. Vicen\u00e7 11 de Sarri\u00e0, C.P. 08017, Barcelona (UE)<\/p>\n\n\n\n<p><strong>E-Mail: <\/strong><a href=\"mailto:idc@idcopenglobalschool.eu\">idc@idcopenglobalschool.eu<\/a><br><strong>Contacto Web: <\/strong><a rel=\"noreferrer noopener\" href=\"https:\/\/www.idcopenglobalschool.eu\/contacto\" target=\"_blank\">https:\/\/www.idcopenglobalschool.eu\/contacto<\/a><br><strong>URL: <\/strong><a rel=\"noreferrer noopener\" href=\"https:\/\/www.idcopenglobalschool.eu\" data-type=\"URL\" data-id=\"https:\/\/www.idcopenglobalschool.eu\" target=\"_blank\">https:\/\/www.idcopenglobalschool.eu<\/a><\/p>\n\n\n\n<hr class=\"wp-block-separator has-css-opacity\"\/>\n\n\n\n<h3 class=\"wp-block-heading\"><strong>C.I.U. \u2013 Venezuela \u2013 UNIAGSFMI<\/strong><\/h3>\n\n\n\n<p><strong>Universidad Internacional Abierta General\u00edsimo Sebasti\u00e1n Francisco de Miranda<\/strong><br><strong>Delegado:<\/strong> Dr. Carlos Santos Saavedra Bravo, Ph.D.<br><strong>Tipo de Representaci\u00f3n:<\/strong> Convenio &nbsp;&#8211; Cooperaci\u00f3n Acad\u00e9mica Internacional.<br><strong>Zona de Acci\u00f3n:<\/strong> Venezuela<br><strong>\u00c1rea Profesional:<\/strong> \u00cdntegra<br><strong>Direcci\u00f3n Postal:<\/strong> C\/ Resistencia N\u00b0 15, Sierra Maestra, Puerto de la Cruz, Estado Anzo\u00e1tegui, Venezuela.<br><strong>Telf:<\/strong> 0057.0416.88124113 &#8211; 0057. 0281.51117821<br> <strong>E-Mail:<\/strong> <a rel=\"noopener noreferrer\" href=\"mailto:drcarlossaavedra@ciu-edu.org\" target=\"_blank\">drcarlossaavedra@ciu-edu.org<\/a><br> <strong>URL:<\/strong> <a rel=\"noopener noreferrer\" href=\"http:\/\/www.enesperadedominio.ve\/\" target=\"_blank\">http:\/\/www.enesperadedominio.ve\/<\/a><\/p>\n\n\n\n<hr class=\"wp-block-separator has-css-opacity\"\/>\n\n\n\n<h3 class=\"wp-block-heading\"><strong>C.I.U. \u2013 Paraguay \u2013 \u00c1rea de Medicinas Alternativas,\nBiol\u00f3gicas y Complementarias<\/strong><\/h3>\n\n\n\n<p><strong>Fundaci\u00f3n Educacional LAEEF<\/strong><br><strong>Delegado:<\/strong> Dr. Hern\u00e1n Candia Rom\u00e1n<br><strong>Tipo de Representaci\u00f3n:<\/strong> Convenio &nbsp;&#8211; Cooperaci\u00f3n Acad\u00e9mica Internacional.<br><strong>Zona de Acci\u00f3n:<\/strong> Paraguay<br><strong>\u00c1rea Profesional:<\/strong> Ciencias de la Salud, Medicinas Alternativas, Biol\u00f3gicas y Complementarias<br><strong>Direcci\u00f3n Postal:<\/strong> Nueva Asunci\u00f3n 311 , c\/ Teniente Rojas Silva, Ciudad de Fernando de la Mora<br> Nueva Asunci\u00f3n 311 y Teniente Rojas Silva.<br><strong>Telf:<\/strong> (595 21) 524 994<br><strong>E-Mail:<\/strong> <a rel=\"noopener noreferrer\" href=\"mailto:hercand@gmail.com\" target=\"_blank\">hercand@gmail.com<\/a><br><strong>URL:<\/strong> <a rel=\"noopener noreferrer\" href=\"http:\/\/www.medicinanatural.com.py\/fundacion-educacional-l-a-e-e-f\/\" target=\"_blank\">http:\/\/www.medicinanatural.com.py\/fundacion-educacional-l-a-e-e-f\/<\/a><br><strong>E-Mail Coorporativo:<\/strong> <a rel=\"noopener noreferrer\" href=\"mailto:hercand@medicinanatural.com.py\" target=\"_blank\">hercand@medicinanatural.com.py<\/a><\/p>\n\n\n\n<hr class=\"wp-block-separator has-css-opacity\"\/>\n\n\n\n<h3 class=\"wp-block-heading\"><strong>CIU. &#8211; Per\u00fa: Escuela Angloamericana de Administraci\u00f3n &amp;\nNegocios<\/strong><\/h3>\n\n\n\n<p><strong>Presidente:&nbsp;<\/strong>Gabriel Servat, Bch. Mst. PhD.<br><strong>Tipo de Representaci\u00f3n:<\/strong>&nbsp;Convenio Cultural y de Cooperaci\u00f3n<br><strong>Direcci\u00f3n Postal:<\/strong>&nbsp;Calle Dos de Mayo 534 \u2013 Miraflores \u2013 L-18<br><strong>Ciudad:<\/strong>&nbsp;Lima<br><strong>Telf.:<\/strong>&nbsp;(511) 206 4251<br><strong>E-Mail:&nbsp;<\/strong><a href=\"mailto:gservat@angloamericana.edu.pe\">gservat@angloamericana.edu.pe<\/a><br><strong>Contacto:&nbsp;<\/strong><a href=\"https:\/\/www.angloamericana.edu.pe\">https:\/\/www.angloamericana.edu.pe<\/a><\/p>\n\n\n\n<hr class=\"wp-block-separator has-css-opacity\"\/>\n\n\n\n<div class=\"wp-block-group\"><div class=\"wp-block-group__inner-container is-layout-flow wp-block-group-is-layout-flow\">\n<h3 class=\"wp-block-heading\"><strong>C.I.U. &#8211; Brasil: Dr. Jos\u00e9 Caetano Tavares<\/strong><\/h3>\n<\/div><\/div>\n\n\n\n<div class=\"wp-block-group\"><div class=\"wp-block-group__inner-container is-layout-flow wp-block-group-is-layout-flow\">\n<p><strong>Instituci\u00f3n Educativa Comercial del Norte<\/strong><br><strong>Rector: <\/strong>Dr. Edgar Gregorio Meneses Moncada<br><strong>Coordinador Acad\u00e9mico: <\/strong>Prof. Dr. Jos\u00e9 Caetano Tavares<br><strong>Tipo de representaci\u00f3n: <\/strong>Delegaci\u00f3n, Convenio Cultural y de Representaci\u00f3n.<br><strong>Direcci\u00f3n oficial: <\/strong>Calle 73N # 9-21 Barrio: El Placer \u2013 Municipio de Popay\u00e1n<br><strong>Instituto del correo electr\u00f3nico de la Instituci\u00f3n: <\/strong><a href=\"mailto:emenesesm@iecomercialdelnorte.edu.co\">emenesesm@iecomercialdelnorte.edu.co<\/a><br><strong>Correo electr\u00f3nico del coordinador: <\/strong><a href=\"mailto:dr_jctavares@hotmail.com\">dr_jctavares@hotmail.com<\/a><br><strong>Tel\u00e9fono del Rector: <\/strong>+57 322 31 20201<br><strong>Tel\u00e9fono del Coordinador: <\/strong>+55 48 99968 8629<br><strong>URL:<\/strong> <a href=\"https:\/\/icomercialdelnorte.edu.co\">https:\/\/icomercialdelnorte.edu.co<\/a><\/p>\n\n\n\n<hr class=\"wp-block-separator has-css-opacity\"\/>\n\n\n\n<h3 class=\"wp-block-heading\"><strong>C.I.U. &#8211; Colombia: Dr. Jos\u00e9 Caetano Tavares<\/strong><\/h3>\n\n\n\n<p><strong>Instituci\u00f3n Educativa Comercial del Norte<\/strong><br><strong>Rector: <\/strong>Dr. Edgar Gregorio Meneses Moncada<br><strong>Coordinador Acad\u00e9mico: <\/strong>Prof. Dr. Jos\u00e9 Caetano Tavares<br><strong>Tipo de representaci\u00f3n: <\/strong>Delegaci\u00f3n, Convenio Cultural y de Representaci\u00f3n.<br><strong>Direcci\u00f3n oficial: <\/strong>Calle 73N # 9-21 Barrio: El Placer \u2013 Municipio de Popay\u00e1n<br><strong>Instituto del correo electr\u00f3nico de la Instituci\u00f3n: <\/strong><a href=\"mailto:emenesesm@iecomercialdelnorte.edu.co\">emenesesm@iecomercialdelnorte.edu.co<\/a><br><strong>Correo electr\u00f3nico del coordinador: <\/strong><a href=\"mailto:dr_jctavares@hotmail.com\">dr_jctavares@hotmail.com<\/a><br><strong>Tel\u00e9fono del Rector: <\/strong>+57 322 31 20201<br><strong>Tel\u00e9fono del Coordinador: <\/strong>+55 48 99968 8629<br><strong>URL:<\/strong> <a href=\"https:\/\/icomercialdelnorte.edu.co\">https:\/\/icomercialdelnorte.edu.co<\/a><\/p>\n<\/div><\/div>\n\n\n\n<hr class=\"wp-block-separator has-css-opacity\"\/>\n\n\n\n<div class=\"wp-block-group\"><div class=\"wp-block-group__inner-container is-layout-flow wp-block-group-is-layout-flow\">\n<h3 class=\"wp-block-heading\"><strong>C.I.U. &#8211; Argentina : Prof. Dr. Valerio Gustavo. Cesar Sosa\nPh. D.<\/strong><\/h3>\n\n\n\n<p>DI.C.P.A.VI.C.I.<br><strong>Calle:<\/strong> Intendente Manteca 482<br><strong>C\u00f3digo Postal:<\/strong> 5148<br><strong>Localidad:<\/strong> C\u00f3rdoba<br><strong>Provincia:<\/strong> C\u00f3rdoba<br><strong>Pa\u00eds: <\/strong>Rep\u00fablica Argentina<br><strong>URL:<\/strong>&nbsp;<a rel=\"noopener noreferrer\" href=\"http:\/\/dicpavici.blogspot.com\/p\/institucional.html\" target=\"_blank\">http:\/\/dicpavici.blogspot.com\/p\/institucional.html<\/a><br><strong>Contacto:<\/strong>&nbsp;valeriocesarsosa@yahoo.com.ar<\/p>\n<\/div><\/div>\n\n\n\n<hr class=\"wp-block-separator has-css-opacity\"\/>\n","protected":false},"excerpt":{"rendered":"<p>Se exponen a continuaci\u00f3n las delegaciones internacionales activas de C.I.U. Cambridge International University. C.I.U. &#8211; Ecuador &#8211; Fundaci\u00f3n para el Desarrollo Integral \u201cV\u00e1zquez&nbsp;&amp; Crespo\u201d Directora: Lcda. Bernardita Crespo de V\u00e1zquezTipo de Representaci\u00f3n:&nbsp;Convenio por Delegaci\u00f3n y Representaci\u00f3n.Zona de Acci\u00f3n: &nbsp;Rep\u00fablica del Ecuador.\u00c1rea Profesional: Mixta.Direcci\u00f3n Postal: Remigio Tamariz 2-100 y Agust\u00edn Cueva &nbsp;&#8211; Segundo Piso, C\u00f3digo Postal: 010107, Ciudad: Cuenca, Provincia: Azuay. Pa\u00eds: Ecuador.E-Mail Oficial: ecuador@ciu-edu.euE-Mail Fundaci\u00f3n:&nbsp;info@fudesup.edu.ec E-Mail Ingresos:&nbsp;matriculas@fudesup.edu.ecTelf.: (593) 995 462 814URL: https:\/\/fudesup.edu.ec C.I.U. &#8211; Mal\u00ed &#8211; International Business Center Danaya&hellip;<\/p>\n","protected":false},"author":1,"featured_media":5340,"parent":0,"menu_order":0,"comment_status":"closed","ping_status":"closed","template":"","meta":{"_joinchat":[],"footnotes":""},"class_list":["post-5339","page","type-page","status-publish","has-post-thumbnail","hentry","post-has-thumbnail"],"_links":{"self":[{"href":"https:\/\/ciu-edu.org\/index.php?rest_route=\/wp\/v2\/pages\/5339","targetHints":{"allow":["GET"]}}],"collection":[{"href":"https:\/\/ciu-edu.org\/index.php?rest_route=\/wp\/v2\/pages"}],"about":[{"href":"https:\/\/ciu-edu.org\/index.php?rest_route=\/wp\/v2\/types\/page"}],"author":[{"embeddable":true,"href":"https:\/\/ciu-edu.org\/index.php?rest_route=\/wp\/v2\/users\/1"}],"replies":[{"embeddable":true,"href":"https:\/\/ciu-edu.org\/index.php?rest_route=%2Fwp%2Fv2%2Fcomments&post=5339"}],"version-history":[{"count":37,"href":"https:\/\/ciu-edu.org\/index.php?rest_route=\/wp\/v2\/pages\/5339\/revisions"}],"predecessor-version":[{"id":9890,"href":"https:\/\/ciu-edu.org\/index.php?rest_route=\/wp\/v2\/pages\/5339\/revisions\/9890"}],"wp:featuredmedia":[{"embeddable":true,"href":"https:\/\/ciu-edu.org\/index.php?rest_route=\/wp\/v2\/media\/5340"}],"wp:attachment":[{"href":"https:\/\/ciu-edu.org\/index.php?rest_route=%2Fwp%2Fv2%2Fmedia&parent=5339"}],"curies":[{"name":"wp","href":"https:\/\/api.w.org\/{rel}","templated":true}]}}