{"id":2755,"date":"2021-05-18T17:29:38","date_gmt":"2021-05-18T17:29:38","guid":{"rendered":"https:\/\/ciu-edu.org\/?page_id=2755"},"modified":"2025-12-23T09:39:56","modified_gmt":"2025-12-23T08:39:56","slug":"becas-ayudas-y-subvenciones","status":"publish","type":"page","link":"https:\/\/ciu-edu.org\/?page_id=2755","title":{"rendered":"Becas, Ayudas y Subvenciones"},"content":{"rendered":"\n<p>Las Becas, Ayudas y Subvenciones de Cambridge International University, <strong>se establecen en funci\u00f3n de diversos factores<\/strong>, entre los que se incluyen, a modo de ejemplo, la \u00abDoble Matriculaci\u00f3n\u00bb, la zona geogr\u00e1fica de la Sede o Delegaci\u00f3n que haya facilitado la informaci\u00f3n, o la aplicaci\u00f3n directa sin necesidad de solicitud previa, como ocurre con determinadas becas privadas, vigentes durante periodos espec\u00edficos.<\/p>\n\n\n\n<p>En consecuencia, el interesado podr\u00e1 beneficiarse de una reducci\u00f3n econ\u00f3mica siempre que dicha condici\u00f3n haya sido gestionada e informada a trav\u00e9s del Dossier Informativo del Programa o a trav\u00e9s de los conductos de informaci\u00f3n corporativa (website, e-mail, redes sociales, etc\u2026) y confirmada mediante comunicaci\u00f3n oficial emitida por el Departamento de Admisi\u00f3n, a su persona, mediante el correo electr\u00f3nico, facilitado en su Solcitud de Admisi\u00f3n.<\/p>\n\n\n\n<p>La Beca Privada, informada, se aplica directamente sobre las tasas acad\u00e9micas y administrativas, expuestas en la informaci\u00f3n p\u00fablica, sobre las Solicitudes de Admisi\u00f3n confirmadas, sin necesidad de presentar solicitud previa. Otras ayudas o subvenciones, deben ser valoradas, y validadas por el departamento de admisi\u00f3n.<\/p>\n\n\n<div class=\"wp-block-image\">\n<figure class=\"aligncenter size-full\"><img loading=\"lazy\" decoding=\"async\" width=\"1154\" height=\"321\" src=\"https:\/\/ciu-edu.org\/wp-content\/uploads\/2021\/05\/pagina_tasas_gorros.png\" alt=\"\" class=\"wp-image-4623\" srcset=\"https:\/\/ciu-edu.org\/wp-content\/uploads\/2021\/05\/pagina_tasas_gorros.png 1154w, https:\/\/ciu-edu.org\/wp-content\/uploads\/2021\/05\/pagina_tasas_gorros-300x83.png 300w, https:\/\/ciu-edu.org\/wp-content\/uploads\/2021\/05\/pagina_tasas_gorros-1024x285.png 1024w, https:\/\/ciu-edu.org\/wp-content\/uploads\/2021\/05\/pagina_tasas_gorros-768x214.png 768w\" sizes=\"auto, (max-width: 1154px) 100vw, 1154px\" \/><\/figure>\n<\/div>\n\n\n<hr class=\"wp-block-separator has-alpha-channel-opacity is-style-dots\"\/>\n\n\n\n<h4 class=\"wp-block-heading\"><strong>\u00bfEste Programa est\u00e1 Becado?<\/strong><\/h4>\n\n\n\n<p>La informaci\u00f3n sobre las tasas acad\u00e9micas y administrativas, est\u00e1 expuesta en los documentos informativos, sin excepci\u00f3n. Acceda apartado correspondiente, as\u00ed indicado, y observe los datos siguientes:<\/p>\n\n\n\n<p><strong>Pago al Contado: <\/strong>Son las tasas acad\u00e9micas y administrativas, canceladas en un solo pago. Presenta la reducci\u00f3n econ\u00f3mica por la beca parcial privada, aplicada directamente, e integran todos los derechos de matr\u00edcula, acceso, evaluaci\u00f3n y t\u00edtulo.<\/p>\n\n\n\n<p><strong>Pago fraccionado: <\/strong>Son las tasas acad\u00e9micas y administrativas divididas en cuotas. El n\u00famero de cuotas, est\u00e1 estipulado en tres, con la particularidad, de no asociar un periodo de tiempo, como ocurre en las mensualidades. A tener en cuenta \u00fanicamente, de que existe una relaci\u00f3n directa entre el pago realizado, env\u00edo del comprobante o aviso y la activaci\u00f3n de los recursos, que incide directamente en el tiempo de desarrollo y finalizaci\u00f3n, del programa de estudio. De igual, forma, no se expedir\u00e1 t\u00edtulo y certificados anexos, sin haber cancelado el total de las cuotas.<\/p>\n\n\n\n<p>Esta beca privada parcial, es acumulable a otras ayudas o subvenciones, que pudieran aplicarse y que usted, pueda solicitar. Igualmente, est\u00e1s reducciones econ\u00f3micas, no influyen sobre posibles ayudas o subvenciones que usted reciba de tipo gubernamental, ya que el origen de esta beca pertenece a un fondo econ\u00f3mico privado, conocido como \u00abAlianza de Acceso a la Formaci\u00f3n\u00bb (Proyecto Econ\u00f3mico, gestionado por el RGP \u00b7 Registro General de Profesionales de la Uni\u00f3n Europea y del CUE University Euro-American Consortium) desde diferentes l\u00edneas de financiaci\u00f3n, que ofrecen su ayuda en el desarrollo integral de la humanidad.<\/p>\n\n\n\n<h4 class=\"wp-block-heading\"><strong>\u00bfQu\u00e9 es la \u00abDoble Matriculaci\u00f3n?<\/strong><\/h4>\n\n\n\n<p>La \u00abdoble matriculaci\u00f3n\u00bb se refiere al proceso en el cual usted (o con terceras personas) se inscribe simult\u00e1neamente en dos programas diferentes, independientes de los niveles acad\u00e9micos. Las combinaciones pueden ser, ambos del mismo nivel acad\u00e9mico, o diferente combinaci\u00f3n <strong>BSc + MSc<\/strong>, <strong>MSc + PhD<\/strong>, o <strong>PhD + PSD<\/strong>. En estas combinaciones, es posible que deba presentar, el <strong><a href=\"https:\/\/docs.google.com\/document\/d\/1qmp-a_cGK5PwMSGoBcBridWNEOiLeRQd\/edit?usp=drive_link&amp;ouid=109876101073959436790&amp;rtpof=true&amp;sd=true\" target=\"_blank\" rel=\"noreferrer noopener\">Certificado de Estudios Previos<\/a><\/strong>.<\/p>\n\n\n\n<p><strong>Algunos de los beneficios de este sistema de acceso, son:<\/strong><\/p>\n\n\n\n<p><strong>Reducci\u00f3n Econ\u00f3mica:<\/strong> Obtenga una reducci\u00f3n econ\u00f3mica superior a la disponible actualmente, inclusive si existen becas o ayudas activas.<\/p>\n\n\n\n<p><strong>Optimizaci\u00f3n de Recursos: <\/strong>Al inscribirse en dos programas simult\u00e1neamente, usted puede aprovechar al m\u00e1ximo los recursos disponibles.<\/p>\n\n\n\n<p><strong>Desarrollo de Habilidades Complementarias: <\/strong>En programas con enfoques complementarios, la doble matriculaci\u00f3n le permite desarrollar habilidades en \u00e1reas diversas, lo cual ser\u00e1 valioso en t\u00e9rminos de empleabilidad.<\/p>\n\n\n\n<p><strong>Reducci\u00f3n de Tiempo de Estudio Total: <\/strong>Dependiendo de c\u00f3mo se estructuren los programas y cu\u00e1n bien se complementen entre s\u00ed, la doble matriculaci\u00f3n le permite completar ambos programas en menos tiempo, respecto a la inscripci\u00f3n de forma secuencial.<\/p>\n\n\n\n<h4 class=\"wp-block-heading\"><strong>\u00bfIncluye el pago becado, todos los derechos?<\/strong><\/h4>\n\n\n\n<p>Si, efectivamente. Usted se beneficia de la beca activa, sobre las tasas acad\u00e9micas y administrativas, recibiendo el beneficio y todos los derechos sobre matricula, acceso, materiales de estudio, gesti\u00f3n tutorial, titulo, y legalizaci\u00f3n por medio de la Apostilla de la Haya, certificaciones, (Transcript y Afidavit) y su correspondiente env\u00edo postal certificado.<\/p>\n\n\n\n<h4 class=\"wp-block-heading\"><strong>\u00bfHay alg\u00fan pago posterior?<\/strong><\/h4>\n\n\n\n<p>En la pr\u00e1ctica no es requerido, pues lo citado, en t\u00e9rminos generales, es la l\u00f3gica para iniciar, desarrollar y egresar de un programa de estudio, y recibir la certificaci\u00f3n que as\u00ed lo avala. <\/p>\n\n\n\n<p>Sin embargo, es posible que usted desee contratar alg\u00fan servicio anexo. Entre estos servicios est\u00e1n:<\/p>\n\n\n\n<p><strong>Legalizaci\u00f3n Consular, Ministerio de Asuntos Exteriores y Ministerio de Justicia:<\/strong> 250 UE\u20ac<\/p>\n\n\n\n<p><strong>Apostilla de la Haya adicional, sobre los Certificados ( Transcript y Afidavit): <\/strong>150 UE\u20ac<\/p>\n\n\n\n<p><strong>Env\u00edo Certificado A\u00e9reo: <\/strong>35 UE\u20ac<\/p>\n\n\n\n<p><strong>Env\u00edo Certificado por Agencia de Transporte: <\/strong>100 UE\u20ac<\/p>\n\n\n<div class=\"wp-block-image is-resized is-style-default\">\n<figure class=\"aligncenter size-full\"><img loading=\"lazy\" decoding=\"async\" width=\"1154\" height=\"321\" src=\"https:\/\/ciu-edu.org\/wp-content\/uploads\/2021\/05\/pagina_tasas_ausencia.png\" alt=\"\" class=\"wp-image-4631\" srcset=\"https:\/\/ciu-edu.org\/wp-content\/uploads\/2021\/05\/pagina_tasas_ausencia.png 1154w, https:\/\/ciu-edu.org\/wp-content\/uploads\/2021\/05\/pagina_tasas_ausencia-300x83.png 300w, https:\/\/ciu-edu.org\/wp-content\/uploads\/2021\/05\/pagina_tasas_ausencia-1024x285.png 1024w, https:\/\/ciu-edu.org\/wp-content\/uploads\/2021\/05\/pagina_tasas_ausencia-768x214.png 768w\" sizes=\"auto, (max-width: 1154px) 100vw, 1154px\" \/><\/figure>\n<\/div>\n\n\n<hr class=\"wp-block-separator has-alpha-channel-opacity is-style-dots\"\/>\n\n\n\n<h4 class=\"wp-block-heading\"><strong>\u00bfQu\u00e9 otras ayudas hay disponibles?<\/strong><\/h4>\n\n\n\n<p>Si. Usted puede solicitar otras ayudas parciales acumulables, entre las siguientes:<\/p>\n\n\n\n<p><strong>Situaci\u00f3n temporal de desempleo o reducci\u00f3n de la jornada laboral:<\/strong> Remita como comprobante el Certificado de vida laboral o equivalente, que demuestre la reducci\u00f3n de su jornada, o bien la cartilla de desempleo. Digitalizaci\u00f3n simple (no compulsada).<\/p>\n\n\n\n<p><strong>Unidad Familiar:<\/strong> Son varias las situaciones que pueden afectar a la econom\u00eda de la Unidad Familiar. Desde familia numerosa, actualmente contabilizada con tres hijos a cargo (UE), hasta la tutela de familiares ancianos, o menores a cargo. Ante esta situaci\u00f3n, y siendo conscientes que, pr\u00e1cticamente es imposible un reconocimiento oficial o certificaci\u00f3n que reconozca una tutela, normalmente realizada por un familiar directo, se aceptar\u00e1 como requisito, un certificado personal que relate y certifique como cierto, el hecho que sucede en la Unidad Familiar. Emita un Certificado Personal relatando la situaci\u00f3n, firme con sus datos y numero de documento de identidad, y env\u00edelo junto al resto de la documentaci\u00f3n, en su Solicitud de Admisi\u00f3n. No ser\u00e1 aceptada documentaci\u00f3n para subvenciones aplicables, una vez est\u00e9 confirmada y emitida la orden de formalizar su acceso.<\/p>\n\n\n\n<p><strong>V\u00edctimas de Conflictos Armados: <\/strong>Los ciudadanos de cualquier nacionalidad, v\u00edctimas de acciones terroristas cometidas dentro o fuera del territorio nacional tendr\u00e1n derecho a percibir las mismas ayudas econ\u00f3micas que las v\u00edctimas de atentados cometidos en la Uni\u00f3n Europea.<br>Los requisitos para el reconocimiento de las ayudas se establecen en virtud de una sentencia firme, cuando se les hubiere reconocido el derecho a ser indemnizados, por el Estado de su pa\u00eds, en concepto de responsabilidad civil por los hechos y da\u00f1os contemplados en la ley.<br>Tambi\u00e9n cuando, sin mediar tal sentencia, se hubiesen llevado a cabo las oportunas diligencias judiciales o incoado los procesos penales para el enjuiciamiento de los delitos. Solicite las ayudas de CIU aportando la documentaci\u00f3n pertinente, que certifique su situaci\u00f3n.<\/p>\n\n\n\n<p><strong>Madre Soltera<\/strong>: En los casos de unidades familiares con un solo miembro, donde el representante act\u00fae como cabeza de familia, la figura materna podr\u00e1 acceder a un programa de formaci\u00f3n mediante una reducci\u00f3n econ\u00f3mica parcial, la cual podr\u00e1 acumularse a cualquier beca vigente que tenga activa. <a href=\"https:\/\/ciu-edu.org\/?p=1959\" data-type=\"post\" data-id=\"1959\">Inf\u00f3rmese con nuestros asesores.<\/a><\/p>\n\n\n\n<p><strong>V\u00edctimas de violencia de g\u00e9nero o violencia sexual:<\/strong> Las personas v\u00edctimas de violencia de g\u00e9nero, sexual o ejercida por familiares directos podr\u00e1n solicitar las ayudas y subvenciones de Cambridge International University. Deber\u00e1n presentar la resoluci\u00f3n judicial que cierre el procedimiento penal y permita acreditar la condici\u00f3n de v\u00edctima, incluso en casos en que no exista condena, incluyendo situaciones en que se declare la exenci\u00f3n de responsabilidad penal del agresor por enajenaci\u00f3n mental completa.<\/p>\n\n\n\n<p>Aporte el <a href=\"https:\/\/violenciagenero.igualdad.gob.es\/wp-content\/uploads\/Modelo_Comun_de_Acreditacion_11-11-21.pdf\" target=\"_blank\" rel=\"noreferrer noopener\">modelo com\u00fan para la acreditaci\u00f3n administrativa de la situaci\u00f3n de violencia<\/a>, cumplimentado, firmado y sellado por los Organismos, Recursos o Servicios incluidos en el listado aprobado por la Conferencia Sectorial de Igualdad.<\/p>\n\n\n\n<p><strong>Discapacidad: <\/strong>Las ayudas por discapacidad est\u00e1n destinadas a un sector de la poblaci\u00f3n muy especial, por lo que, si es su caso env\u00ede el Certificado de Discapacidad donde se observe el grado reconocido.<\/p>\n\n\n\n<p><strong>Afrodescendientes: <\/strong>Cambridge International University, mantiene un <a href=\"https:\/\/drive.google.com\/file\/d\/0B7gyvMT6ryRzOTNWQW1yMEdkMG8\/view?usp=sharing\" data-type=\"URL\" data-id=\"https:\/\/drive.google.com\/file\/d\/0B7gyvMT6ryRzOTNWQW1yMEdkMG8\/view?usp=sharing\" target=\"_blank\" rel=\"noreferrer noopener\">Convenio de Ayudas a la Comunidad Afrodescendiente<\/a>, con el fin de impulsar el conocimiento y la prosperidad en este sector de la poblaci\u00f3n. Puede solicitar las ayudas y subvenciones directamente, marcando la casilla del Formulario de Solicitud de Admisi\u00f3n. Contactaremos con usted.<\/p>\n\n\n\n<h4 class=\"wp-block-heading\"><strong>Ausencias Prolongadas y Omisi\u00f3n de Pago<\/strong><\/h4>\n\n\n\n<p>Independientemente de la modalidad de pago escogida, la inactividad del estudiante en recursos evaluativos o proyectos podr\u00e1 motivar la anulaci\u00f3n de su acceso, previa notificaci\u00f3n, con p\u00e9rdida de cantidades abonadas y aplicaci\u00f3n de las medidas legales o administrativas pertinentes. La falta de pago tras la confirmaci\u00f3n de matr\u00edcula, seg\u00fan los requisitos del Departamento de Admisi\u00f3n, podr\u00e1 conllevar la suspensi\u00f3n del procedimiento o, en casos de retrasos prolongados, la nulidad de la matr\u00edcula.<\/p>\n\n\n\n<p>Ante esta u otra situaci\u00f3n similar, por favor, contacte con el Dpto. de Admisi\u00f3n, para <a href=\"https:\/\/ciu-edu.org\/?p=1959\" data-type=\"post\" data-id=\"1959\">obtener informaci\u00f3n sobre las diferentes posibilidades<\/a>.<\/p>\n","protected":false},"excerpt":{"rendered":"<p>Las Becas, Ayudas y Subvenciones de Cambridge International University, se establecen en funci\u00f3n de diversos factores, entre los que se incluyen, a modo de ejemplo, la \u00abDoble Matriculaci\u00f3n\u00bb, la zona geogr\u00e1fica de la Sede o Delegaci\u00f3n que haya facilitado la informaci\u00f3n, o la aplicaci\u00f3n directa sin necesidad de solicitud previa, como ocurre con determinadas becas privadas, vigentes durante periodos espec\u00edficos. En consecuencia, el interesado podr\u00e1 beneficiarse de una reducci\u00f3n econ\u00f3mica siempre que dicha condici\u00f3n haya sido gestionada e informada a&hellip;<\/p>\n","protected":false},"author":1,"featured_media":4619,"parent":0,"menu_order":0,"comment_status":"closed","ping_status":"closed","template":"","meta":{"_joinchat":[],"footnotes":""},"class_list":["post-2755","page","type-page","status-publish","has-post-thumbnail","hentry","post-has-thumbnail"],"_links":{"self":[{"href":"https:\/\/ciu-edu.org\/index.php?rest_route=\/wp\/v2\/pages\/2755","targetHints":{"allow":["GET"]}}],"collection":[{"href":"https:\/\/ciu-edu.org\/index.php?rest_route=\/wp\/v2\/pages"}],"about":[{"href":"https:\/\/ciu-edu.org\/index.php?rest_route=\/wp\/v2\/types\/page"}],"author":[{"embeddable":true,"href":"https:\/\/ciu-edu.org\/index.php?rest_route=\/wp\/v2\/users\/1"}],"replies":[{"embeddable":true,"href":"https:\/\/ciu-edu.org\/index.php?rest_route=%2Fwp%2Fv2%2Fcomments&post=2755"}],"version-history":[{"count":24,"href":"https:\/\/ciu-edu.org\/index.php?rest_route=\/wp\/v2\/pages\/2755\/revisions"}],"predecessor-version":[{"id":9710,"href":"https:\/\/ciu-edu.org\/index.php?rest_route=\/wp\/v2\/pages\/2755\/revisions\/9710"}],"wp:featuredmedia":[{"embeddable":true,"href":"https:\/\/ciu-edu.org\/index.php?rest_route=\/wp\/v2\/media\/4619"}],"wp:attachment":[{"href":"https:\/\/ciu-edu.org\/index.php?rest_route=%2Fwp%2Fv2%2Fmedia&parent=2755"}],"curies":[{"name":"wp","href":"https:\/\/api.w.org\/{rel}","templated":true}]}}